{"id":513,"date":"2014-05-08T14:35:59","date_gmt":"2014-05-08T12:35:59","guid":{"rendered":"http:\/\/www.visionapart.com\/studio\/sg\/portfolio-item\/fei-reuters-photo-grand-prix-2\/"},"modified":"2014-05-08T15:01:44","modified_gmt":"2014-05-08T13:01:44","slug":"fei-reuters-photo-grand-prix","status":"publish","type":"portfolio","link":"https:\/\/www.visionapart.com\/studio\/fr\/projects\/fei-reuters-photo-grand-prix\/","title":{"rendered":"FEI Reuters \/ Photo Grand Prix"},"content":{"rendered":"<div  class='flex_column av-av_two_third-2a9015ff38129c418a3f2eafba3e9512 av_two_third  avia-builder-el-0  el_before_av_one_third  avia-builder-el-first  first flex_column_div  '     ><section  class='av_textblock_section av-av_textblock-5423793a0e82d2455362b4eba580b48d '   itemscope=\"itemscope\" itemtype=\"https:\/\/schema.org\/CreativeWork\" ><div class='avia_textblock'  itemprop=\"text\" ><h3><span style=\"color: #888888;\">FEI Reuters \/ Photo grand prix<\/span><\/h3>\n<p>Film \/ publicit\u00e9\u00a0<span style=\"color: #888888;\">\/ web<\/span><\/p>\n<\/div><\/section><\/div><div  class='flex_column av-av_one_third-e8b5fe92f046e7242c54fd1caeab6ce2 av_one_third  avia-builder-el-2  el_after_av_two_third  el_before_av_hr  flex_column_div  '     ><section  class='av_textblock_section av-av_textblock-5423793a0e82d2455362b4eba580b48d '   itemscope=\"itemscope\" itemtype=\"https:\/\/schema.org\/CreativeWork\" ><div class='avia_textblock'  itemprop=\"text\" >\n<style type=\"text\/css\" data-created_by=\"avia_inline_auto\" id=\"style-css-av-av_font_icon-7da2ee927c2ae12684baff1507560ca6\">\n.av_font_icon.av-av_font_icon-7da2ee927c2ae12684baff1507560ca6{\ncolor:#ffbb00;\nborder-color:#ffbb00;\n}\n.av_font_icon.av-av_font_icon-7da2ee927c2ae12684baff1507560ca6 .av-icon-char{\nfont-size:40px;\nline-height:40px;\n}\n<\/style>\n<span  class='av_font_icon av-av_font_icon-7da2ee927c2ae12684baff1507560ca6 avia_animate_when_visible av-icon-style- avia-icon-pos-right avia-icon-animate'><a href='https:\/\/www.visionapart.com\/studio\/fr\/portfolio\/'   class='av-icon-char' aria-hidden='true' data-av_icon='\ue88f' data-av_iconfont='entypo-fontello' ><\/a><\/span>\n<\/div><\/section><\/div>\n<style type=\"text\/css\" data-created_by=\"avia_inline_auto\" id=\"style-css-av-av_hr-6e46f799f8e1caefd8e0565183a672cf\">\n#top .hr.hr-invisible.av-av_hr-6e46f799f8e1caefd8e0565183a672cf{\nheight:10px;\n}\n<\/style>\n<div  class='hr av-av_hr-6e46f799f8e1caefd8e0565183a672cf hr-invisible  avia-builder-el-5  el_after_av_one_third  el_before_av_video '><span class='hr-inner '><span class=\"hr-inner-style\"><\/span><\/span><\/div><\/p>\n<div  class='avia-video av-av_video-3e96e10a8ac537c28cbc8150e875f2da avia-video-16-9 av-no-preview-image avia-video-load-always av-lazyload-immediate av-lazyload-video-embed'  itemprop=\"video\" itemtype=\"https:\/\/schema.org\/VideoObject\"  data-original_url='https:\/\/vimeo.com\/94497785'><script type='text\/html' class='av-video-tmpl'><div class='avia-iframe-wrap'><iframe loading=\"lazy\" src=\"\/\/player.vimeo.com\/video\/94497785?autoplay=0&loop=0&controls=1&muted=0\" width=\"1500\" height=\"844\" frameborder=\"0\" title=\"FEI World Photo Grand Prix 2014\" webkitallowfullscreen mozallowfullscreen allowfullscreen><\/iframe><\/div><\/script><div class='av-click-to-play-overlay'><div class=\"avia_playpause_icon\"><\/div><\/div><\/div>\n<div  class='hr av-av_hr-d3021aff4e2c88ff75459fd6b3a45a12 hr-default  avia-builder-el-7  el_after_av_video  el_before_av_one_third '><span class='hr-inner '><span class=\"hr-inner-style\"><\/span><\/span><\/div>\n<div  class='flex_column av-av_one_third-2a9015ff38129c418a3f2eafba3e9512 av_one_third  avia-builder-el-8  el_after_av_hr  el_before_av_two_third  first flex_column_div  '     ><section  class='av_textblock_section av-av_textblock-5423793a0e82d2455362b4eba580b48d '   itemscope=\"itemscope\" itemtype=\"https:\/\/schema.org\/CreativeWork\" ><div class='avia_textblock'  itemprop=\"text\" ><h4>Cr\u00e9dits<\/h4>\n<p><span style=\"color: #888888;\"><span style=\"color: #000000;\">Client<\/span> \/Federation Equestre Internationale<\/span><br \/>\n<span style=\"color: #000000;\">Agency<\/span><span style=\"color: #888888;\">\u00a0\/ SG. \/ Vision Apart<\/span><br \/>\n<span style=\"color: #888888;\"><span style=\"color: #000000;\">Dir: Cr\u00e9atif<\/span>\u00a0\/ S.Goyon<br \/>\n<span style=\"color: #000000;\">Assistante\u00a0<span style=\"color: #808080;\">\/ C. Monney<span style=\"color: #999999;\"><br \/>\n<\/span><\/span><\/span><\/span><\/p>\n<p><span style=\"color: #888888;\"><span style=\"color: #000000;\"> Production<\/span>\u00a0\/ SG.<\/span><br \/>\n<span style=\"color: #888888;\"><span style=\"color: #000000;\"> R\u00e9a.<\/span> \/ S.Goyon<\/span><br \/>\n<span style=\"color: #888888;\"><span style=\"color: #000000;\"> Musique<\/span>\u00a0\/ A.Uger @ Audiolink.ch<\/span><\/p>\n<p><span style=\"color: #888888;\"><span style=\"color: #000000;\">Dur\u00e9e<\/span>\u00a0\/ 35s<\/span><br \/>\n<span style=\"color: #888888;\"><span style=\"color: #000000;\">Format<\/span> \/ HD<\/span><br \/>\n<span style=\"color: #888888;\"><span style=\"color: #000000;\">Media<\/span> \/ web<\/span><\/p>\n<\/div><\/section><\/div><div  class='flex_column av-av_two_third-e8b5fe92f046e7242c54fd1caeab6ce2 av_two_third  avia-builder-el-10  el_after_av_one_third  avia-builder-el-last  flex_column_div  '     ><section  class='av_textblock_section av-av_textblock-5423793a0e82d2455362b4eba580b48d '   itemscope=\"itemscope\" itemtype=\"https:\/\/schema.org\/CreativeWork\" ><div class='avia_textblock'  itemprop=\"text\" ><h4>Information<\/h4>\n<p>La FEI \u00a0( F\u00e9d\u00e9ration Equestre Internationale ) et Reuters organisent une comp\u00e9tition internationale de photographie sur le th\u00e8me du cheval. Ce concours est ouvert \u00e0 tous et tous les styles sont accept\u00e9s. Nous avons \u00e9t\u00e9 mandat\u00e9s pour trouver un concept et r\u00e9aliser la video. L&rsquo;id\u00e9e ici est de mettre l&rsquo;accent sur l&rsquo;\u00e9ventail infini de possibilit\u00e9s pour inciter le maximum de personnes \u00e0 participer quel que soit leur \u00e2ge, leur pays ou leur mat\u00e9riel. Cette approche purement conceptuelle n&rsquo;int\u00e8gre pas \u00ab\u00a0d&rsquo;exemples d&rsquo;images\u00a0\u00bb, afin d&rsquo;\u00e9viter d&rsquo;influencer les participants. Chacun reste libre de proposer sa vision.<\/p>\n<h4>Comp\u00e9tences engag\u00e9es<\/h4>\n<p>Consulting \/ Art + copy \/ production \/ post production<\/p>\n<\/div><\/section><\/div><\/p>\n","protected":false},"excerpt":{"rendered":"<p>Film \/ advertising<\/p>\n","protected":false},"featured_media":512,"comment_status":"closed","ping_status":"closed","template":"","tags":[],"portfolio_entries":[10],"class_list":["post-513","portfolio","type-portfolio","status-publish","has-post-thumbnail","hentry","portfolio_entries-filmf"],"yoast_head":"<!-- This site is optimized with the Yoast SEO plugin v27.1 - https:\/\/yoast.com\/product\/yoast-seo-wordpress\/ -->\n<title>FEI Reuters \/ Photo Grand Prix | Vision Apart Creative Studio<\/title>\n<meta name=\"robots\" content=\"index, follow, max-snippet:-1, max-image-preview:large, max-video-preview:-1\" \/>\n<link rel=\"canonical\" href=\"https:\/\/www.visionapart.com\/studio\/en\/projects\/fei-reuters-photo-grand-prix\/\" \/>\n<meta property=\"og:locale\" content=\"fr_FR\" \/>\n<meta property=\"og:type\" content=\"article\" \/>\n<meta property=\"og:title\" content=\"FEI Reuters \/ Photo Grand Prix | Vision Apart Creative Studio\" \/>\n<meta property=\"og:description\" content=\"Film \/ advertising\" \/>\n<meta property=\"og:url\" content=\"https:\/\/www.visionapart.com\/studio\/en\/projects\/fei-reuters-photo-grand-prix\/\" \/>\n<meta property=\"og:site_name\" content=\"Vision Apart Creative Studio\" \/>\n<meta property=\"article:modified_time\" content=\"2014-05-08T13:01:44+00:00\" \/>\n<meta property=\"og:image\" content=\"https:\/\/www.visionapart.com\/studio\/wp-content\/uploads\/2014\/05\/fei_pgp.jpg\" \/>\n\t<meta property=\"og:image:width\" content=\"900\" \/>\n\t<meta property=\"og:image:height\" content=\"506\" \/>\n\t<meta property=\"og:image:type\" content=\"image\/jpeg\" \/>\n<meta name=\"twitter:card\" content=\"summary_large_image\" \/>\n<meta name=\"twitter:label1\" content=\"Dur\u00e9e de lecture estim\u00e9e\" \/>\n\t<meta name=\"twitter:data1\" content=\"1 minute\" \/>\n<script type=\"application\/ld+json\" class=\"yoast-schema-graph\">{\"@context\":\"https:\/\/schema.org\",\"@graph\":[{\"@type\":\"WebPage\",\"@id\":\"https:\/\/www.visionapart.com\/studio\/en\/projects\/fei-reuters-photo-grand-prix\/\",\"url\":\"https:\/\/www.visionapart.com\/studio\/en\/projects\/fei-reuters-photo-grand-prix\/\",\"name\":\"FEI Reuters \/ Photo Grand Prix | Vision Apart Creative Studio\",\"isPartOf\":{\"@id\":\"https:\/\/www.visionapart.com\/studio\/en\/#website\"},\"primaryImageOfPage\":{\"@id\":\"https:\/\/www.visionapart.com\/studio\/en\/projects\/fei-reuters-photo-grand-prix\/#primaryimage\"},\"image\":{\"@id\":\"https:\/\/www.visionapart.com\/studio\/en\/projects\/fei-reuters-photo-grand-prix\/#primaryimage\"},\"thumbnailUrl\":\"https:\/\/www.visionapart.com\/studio\/wp-content\/uploads\/2014\/05\/fei_pgp.jpg\",\"datePublished\":\"2014-05-08T12:35:59+00:00\",\"dateModified\":\"2014-05-08T13:01:44+00:00\",\"breadcrumb\":{\"@id\":\"https:\/\/www.visionapart.com\/studio\/en\/projects\/fei-reuters-photo-grand-prix\/#breadcrumb\"},\"inLanguage\":\"fr-FR\",\"potentialAction\":[{\"@type\":\"ReadAction\",\"target\":[\"https:\/\/www.visionapart.com\/studio\/en\/projects\/fei-reuters-photo-grand-prix\/\"]}]},{\"@type\":\"ImageObject\",\"inLanguage\":\"fr-FR\",\"@id\":\"https:\/\/www.visionapart.com\/studio\/en\/projects\/fei-reuters-photo-grand-prix\/#primaryimage\",\"url\":\"https:\/\/www.visionapart.com\/studio\/wp-content\/uploads\/2014\/05\/fei_pgp.jpg\",\"contentUrl\":\"https:\/\/www.visionapart.com\/studio\/wp-content\/uploads\/2014\/05\/fei_pgp.jpg\",\"width\":900,\"height\":506},{\"@type\":\"BreadcrumbList\",\"@id\":\"https:\/\/www.visionapart.com\/studio\/en\/projects\/fei-reuters-photo-grand-prix\/#breadcrumb\",\"itemListElement\":[{\"@type\":\"ListItem\",\"position\":1,\"name\":\"Home\",\"item\":\"https:\/\/www.visionapart.com\/studio\/fr\/\"},{\"@type\":\"ListItem\",\"position\":2,\"name\":\"FEI Reuters \/ Photo Grand Prix\"}]},{\"@type\":\"WebSite\",\"@id\":\"https:\/\/www.visionapart.com\/studio\/en\/#website\",\"url\":\"https:\/\/www.visionapart.com\/studio\/en\/\",\"name\":\"Vision Apart Creative Studio\",\"description\":\"\",\"potentialAction\":[{\"@type\":\"SearchAction\",\"target\":{\"@type\":\"EntryPoint\",\"urlTemplate\":\"https:\/\/www.visionapart.com\/studio\/en\/?s={search_term_string}\"},\"query-input\":{\"@type\":\"PropertyValueSpecification\",\"valueRequired\":true,\"valueName\":\"search_term_string\"}}],\"inLanguage\":\"fr-FR\"}]}<\/script>\n<!-- \/ Yoast SEO plugin. -->","yoast_head_json":{"title":"FEI Reuters \/ Photo Grand Prix | Vision Apart Creative Studio","robots":{"index":"index","follow":"follow","max-snippet":"max-snippet:-1","max-image-preview":"max-image-preview:large","max-video-preview":"max-video-preview:-1"},"canonical":"https:\/\/www.visionapart.com\/studio\/en\/projects\/fei-reuters-photo-grand-prix\/","og_locale":"fr_FR","og_type":"article","og_title":"FEI Reuters \/ Photo Grand Prix | Vision Apart Creative Studio","og_description":"Film \/ advertising","og_url":"https:\/\/www.visionapart.com\/studio\/en\/projects\/fei-reuters-photo-grand-prix\/","og_site_name":"Vision Apart Creative Studio","article_modified_time":"2014-05-08T13:01:44+00:00","og_image":[{"width":900,"height":506,"url":"https:\/\/www.visionapart.com\/studio\/wp-content\/uploads\/2014\/05\/fei_pgp.jpg","type":"image\/jpeg"}],"twitter_card":"summary_large_image","twitter_misc":{"Dur\u00e9e de lecture estim\u00e9e":"1 minute"},"schema":{"@context":"https:\/\/schema.org","@graph":[{"@type":"WebPage","@id":"https:\/\/www.visionapart.com\/studio\/en\/projects\/fei-reuters-photo-grand-prix\/","url":"https:\/\/www.visionapart.com\/studio\/en\/projects\/fei-reuters-photo-grand-prix\/","name":"FEI Reuters \/ Photo Grand Prix | Vision Apart Creative Studio","isPartOf":{"@id":"https:\/\/www.visionapart.com\/studio\/en\/#website"},"primaryImageOfPage":{"@id":"https:\/\/www.visionapart.com\/studio\/en\/projects\/fei-reuters-photo-grand-prix\/#primaryimage"},"image":{"@id":"https:\/\/www.visionapart.com\/studio\/en\/projects\/fei-reuters-photo-grand-prix\/#primaryimage"},"thumbnailUrl":"https:\/\/www.visionapart.com\/studio\/wp-content\/uploads\/2014\/05\/fei_pgp.jpg","datePublished":"2014-05-08T12:35:59+00:00","dateModified":"2014-05-08T13:01:44+00:00","breadcrumb":{"@id":"https:\/\/www.visionapart.com\/studio\/en\/projects\/fei-reuters-photo-grand-prix\/#breadcrumb"},"inLanguage":"fr-FR","potentialAction":[{"@type":"ReadAction","target":["https:\/\/www.visionapart.com\/studio\/en\/projects\/fei-reuters-photo-grand-prix\/"]}]},{"@type":"ImageObject","inLanguage":"fr-FR","@id":"https:\/\/www.visionapart.com\/studio\/en\/projects\/fei-reuters-photo-grand-prix\/#primaryimage","url":"https:\/\/www.visionapart.com\/studio\/wp-content\/uploads\/2014\/05\/fei_pgp.jpg","contentUrl":"https:\/\/www.visionapart.com\/studio\/wp-content\/uploads\/2014\/05\/fei_pgp.jpg","width":900,"height":506},{"@type":"BreadcrumbList","@id":"https:\/\/www.visionapart.com\/studio\/en\/projects\/fei-reuters-photo-grand-prix\/#breadcrumb","itemListElement":[{"@type":"ListItem","position":1,"name":"Home","item":"https:\/\/www.visionapart.com\/studio\/fr\/"},{"@type":"ListItem","position":2,"name":"FEI Reuters \/ Photo Grand Prix"}]},{"@type":"WebSite","@id":"https:\/\/www.visionapart.com\/studio\/en\/#website","url":"https:\/\/www.visionapart.com\/studio\/en\/","name":"Vision Apart Creative Studio","description":"","potentialAction":[{"@type":"SearchAction","target":{"@type":"EntryPoint","urlTemplate":"https:\/\/www.visionapart.com\/studio\/en\/?s={search_term_string}"},"query-input":{"@type":"PropertyValueSpecification","valueRequired":true,"valueName":"search_term_string"}}],"inLanguage":"fr-FR"}]}},"_links":{"self":[{"href":"https:\/\/www.visionapart.com\/studio\/fr\/wp-json\/wp\/v2\/portfolio\/513","targetHints":{"allow":["GET"]}}],"collection":[{"href":"https:\/\/www.visionapart.com\/studio\/fr\/wp-json\/wp\/v2\/portfolio"}],"about":[{"href":"https:\/\/www.visionapart.com\/studio\/fr\/wp-json\/wp\/v2\/types\/portfolio"}],"replies":[{"embeddable":true,"href":"https:\/\/www.visionapart.com\/studio\/fr\/wp-json\/wp\/v2\/comments?post=513"}],"version-history":[{"count":1,"href":"https:\/\/www.visionapart.com\/studio\/fr\/wp-json\/wp\/v2\/portfolio\/513\/revisions"}],"predecessor-version":[{"id":515,"href":"https:\/\/www.visionapart.com\/studio\/fr\/wp-json\/wp\/v2\/portfolio\/513\/revisions\/515"}],"wp:featuredmedia":[{"embeddable":true,"href":"https:\/\/www.visionapart.com\/studio\/fr\/wp-json\/wp\/v2\/media\/512"}],"wp:attachment":[{"href":"https:\/\/www.visionapart.com\/studio\/fr\/wp-json\/wp\/v2\/media?parent=513"}],"wp:term":[{"taxonomy":"post_tag","embeddable":true,"href":"https:\/\/www.visionapart.com\/studio\/fr\/wp-json\/wp\/v2\/tags?post=513"},{"taxonomy":"portfolio_entries","embeddable":true,"href":"https:\/\/www.visionapart.com\/studio\/fr\/wp-json\/wp\/v2\/portfolio_entries?post=513"}],"curies":[{"name":"wp","href":"https:\/\/api.w.org\/{rel}","templated":true}]}}